{"id":55242,"date":"2025-01-09T15:31:06","date_gmt":"2025-01-09T14:31:06","guid":{"rendered":"https:\/\/kpmshc.rks-gov.net\/staff\/hajzer-salihu\/"},"modified":"2025-02-05T13:27:22","modified_gmt":"2025-02-05T12:27:22","slug":"hajzer-salihu","status":"publish","type":"staff","link":"https:\/\/kpmshc.rks-gov.net\/en\/staff\/hajzer-salihu\/","title":{"rendered":"Hajzer Salihu"},"content":{"rendered":"\n<p> \u00cbshte em\u00ebruar An\u00ebtar i K\u00ebshillit t\u00eb Pavarur Mbik\u00ebqyr\u00ebs p\u00ebr sh\u00ebrbimin civil t\u00eb Kosov\u00ebs m\u00eb 15.12.2013 nga Kuvendi i Republik\u00ebs s\u00eb Kosov\u00ebs dhe ka p\u00ebrfundura mandatin m\u00eb 15.12.2019.<\/p>\n\n\n\n<p>\u00cbsht\u00eb i lindur me dat\u00ebn 26.11.1976, ne fsh. Baks, Komuna Skenderaj. Shkoll\u00ebn fillore dhe te mesme i kreu ne vendlindje, studimet n\u00eb Fakultetin Juridik &#8211; Universitetin e Prishtin\u00ebs, studimet Master p\u00ebr Diplomaci ne Universitetin e Evrop\u00ebs Juglindore.\u00cbsht\u00eb i martuar dhe baba i 3 f\u00ebmij\u00ebve.<\/p>\n\n\n\n<p>P\u00cbRVOJA E PUN\u00cbS<\/p>\n\n\n\n<p>2002 &#8211; 2003: Oda e Avokat\u00ebve t\u00eb Kosov\u00ebs (OAK) \u2013 avokat\/praktikant;<\/p>\n\n\n\n<p>Shtator 2003 &#8211; Dhjetor 2003: Zyrtar Nd\u00ebrlidh\u00ebs p\u00ebr Institucionet e Trash\u00ebgimis\u00eb Kulturore n\u00eb Kosov\u00eb, Divizioni i Trash\u00ebgimis\u00eb Kulturore ne MKRS;<\/p>\n\n\n\n<p>Dhjetor 2003 &#8211; Maj 2007: Zyrtar i Lart\u00eb Ligjor, Zyra p\u00ebr Sh\u00ebrbime dhe Ndihm\u00eb Juridike ne ZKM;<\/p>\n\n\n\n<p>Maj 2007 &#8211; Prill 2010: Drejtor i Sekretaris\u00eb s\u00eb Komisionit p\u00ebr Em\u00ebrime t\u00eb Larta Publike &#8211; KELP ne ZKM;<\/p>\n\n\n\n<p>Prill 2010 &#8211; Gusht 2011: Ud. Sekretar i P\u00ebrgjithsh\u00ebm ne MPB; <\/p>\n\n\n\n<p>Gusht 2011 &#8211; Dhjetor 2013: Drejtor i Departamentit p\u00ebr Hartimin, Zbatimin dhe Monitorimin e Politikave ne MPB.<\/p>\n\n\n\n<p>TRAJNIME T\u00cb AVANCUARA<\/p>\n\n\n\n<p>Universitetin Amerikan n\u00eb Bullgari: Trajnim baz\u00eb mbi parimet e mediave;<\/p>\n\n\n\n<p>GTZ-AER &#8211; Moduli 1,2,3 dhe 4: Trajnim p\u00ebr hartim te legjislacionit; te kuptuarit baz\u00ebmbi parimet e taksave; kuptimi bazik i politikave te BE-s\u00eb; p\u00ebrafrimi dhe krahasimi ligjor;<\/p>\n\n\n\n<p>CDRC: Trajnim p\u00ebr Konventat Evropiane p\u00ebr te Drejtat e Njeriut;<\/p>\n\n\n\n<p>SOFRECO: Trajnim p\u00ebr fuqizimin e kapaciteteve Institucionale p\u00ebr participim ne procesin e stabilizim-asoocimit;<\/p>\n\n\n\n<p>B &amp; S Europe: Trajnim p\u00ebr ligjin e BE-s\u00eb dhe p\u00ebrshtatja e tij me legjislacionin komb\u00ebtar; trajnim ligjor mbi parimet e Acquis Communautaire;<\/p>\n\n\n\n<p>Qendra Informative Financiare (QIF): Trajnim p\u00ebr parandalimin e shp\u00eblarjes se parave dhe krimeve te ngjashme;<\/p>\n\n\n\n<p>Instituti p\u00ebr Nd\u00ebrmarr\u00ebsi dhe Biznese te Vogla \u2013 IESB: trajnim p\u00ebr metodologjin\u00eb e hulumtimit dhe projektimit;<\/p>\n\n\n\n<p>Leadership International Ltd.: trajnim p\u00ebr menaxhim te situatave;<\/p>\n\n\n\n<p>United States Department of Justice \u2013 ICITAP: trajnim p\u00ebr menaxhimin ekzekutiv;<\/p>\n\n\n\n<p>United States Department of Justice \u2013 MDA: trajnim p\u00ebr planifikim strategjik.<\/p>\n\n\n\n<p>z. Salihu nga data 13 Dhjetor 2013 \u00ebsht\u00eb em\u00ebruar nga Kuvendi i Republik\u00ebs se Kosov\u00ebs, ne pozit\u00ebn An\u00ebtar\u00eb i K\u00ebshillit te Pavarur Mbik\u00ebqyr\u00ebs p\u00ebr Sh\u00ebrbimin Civil te Kosov\u00ebs. <\/p>\n","protected":false},"featured_media":54752,"parent":0,"menu_order":19,"template":"","category-staff":[973],"class_list":["post-55242","staff","type-staff","status-publish","has-post-thumbnail","hentry","category-staff-ishanetar"],"acf":[],"_links":{"self":[{"href":"https:\/\/kpmshc.rks-gov.net\/en\/wp-json\/wp\/v2\/staff\/55242","targetHints":{"allow":["GET"]}}],"collection":[{"href":"https:\/\/kpmshc.rks-gov.net\/en\/wp-json\/wp\/v2\/staff"}],"about":[{"href":"https:\/\/kpmshc.rks-gov.net\/en\/wp-json\/wp\/v2\/types\/staff"}],"version-history":[{"count":3,"href":"https:\/\/kpmshc.rks-gov.net\/en\/wp-json\/wp\/v2\/staff\/55242\/revisions"}],"predecessor-version":[{"id":57972,"href":"https:\/\/kpmshc.rks-gov.net\/en\/wp-json\/wp\/v2\/staff\/55242\/revisions\/57972"}],"wp:featuredmedia":[{"embeddable":true,"href":"https:\/\/kpmshc.rks-gov.net\/en\/wp-json\/wp\/v2\/media\/54752"}],"wp:attachment":[{"href":"https:\/\/kpmshc.rks-gov.net\/en\/wp-json\/wp\/v2\/media?parent=55242"}],"wp:term":[{"taxonomy":"category-staff","embeddable":true,"href":"https:\/\/kpmshc.rks-gov.net\/en\/wp-json\/wp\/v2\/category-staff?post=55242"}],"curies":[{"name":"wp","href":"https:\/\/api.w.org\/{rel}","templated":true}]}}